{"id":10078,"date":"2019-06-24T00:29:02","date_gmt":"2019-06-23T23:29:02","guid":{"rendered":"https:\/\/bulbyourmind.com\/?page_id=10078"},"modified":"2019-06-24T22:39:16","modified_gmt":"2019-06-24T21:39:16","slug":"localities","status":"publish","type":"page","link":"https:\/\/bulbyourmind.com\/de\/raeumliches\/","title":{"rendered":"R\u00e4umliches"},"content":{"rendered":"<div class=\"wpb-content-wrapper\"><p>[vc_row back_to_top_skin=&#8220;default&#8220;][vc_column]<div class=\"edgtf-image-gallery-masonry edgtf-gallery-no-space edgtf-grayscale edgtf-gallery-columns-2\">\n\t<div class=\"edgtf-image-masonry-grid-sizer\"><\/div>\n\t\t\t<div class=\"edgtf-gallery-image edgtf-size-default\">\n\t\t\t<div class=\"edgtf-gallery-image-inner\">\n\t\t\t\t\t\t\t\t\t<a href=\"https:\/\/bulbyourmind.com\/wp-content\/uploads\/2019\/06\/OSR6240.jpg\" data-rel=\"prettyPhoto[single_pretty_photo]\" title=\"Ein herzliches Willkommen bei mir in L\u00fcbeck!\">\n\t\t\t\t\t\t\t\t\t<div class=\"edgtf-ig-image-holder\">\n\t\t\t\t\t\t<img loading=\"lazy\" decoding=\"async\" width=\"3500\" height=\"2333\" src=\"https:\/\/bulbyourmind.com\/wp-content\/uploads\/2019\/06\/OSR6240.jpg\" class=\"attachment-full size-full\" alt=\"\" srcset=\"https:\/\/bulbyourmind.com\/wp-content\/uploads\/2019\/06\/OSR6240.jpg 3500w, https:\/\/bulbyourmind.com\/wp-content\/uploads\/2019\/06\/OSR6240-300x200.jpg 300w, https:\/\/bulbyourmind.com\/wp-content\/uploads\/2019\/06\/OSR6240-768x512.jpg 768w, https:\/\/bulbyourmind.com\/wp-content\/uploads\/2019\/06\/OSR6240-1620x1080.jpg 1620w\" sizes=\"auto, (max-width: 3500px) 100vw, 3500px\" \/>\t\t\t\t\t<\/div>\n\t\t\t\t\t\t\t\t\t<\/a>\n\t\t\t\t\t\t\t<\/div>\n\t\t<\/div>\n\t\t\t<div class=\"edgtf-gallery-image edgtf-size-default\">\n\t\t\t<div class=\"edgtf-gallery-image-inner\">\n\t\t\t\t\t\t\t\t\t<a href=\"https:\/\/bulbyourmind.com\/wp-content\/uploads\/2019\/06\/OSR6257-Pano.jpg\" data-rel=\"prettyPhoto[single_pretty_photo]\" title=\"Der Wintergarten &#8211; viel Freiraum f\u00fcr Gespr\u00e4chsstoff\">\n\t\t\t\t\t\t\t\t\t<div class=\"edgtf-ig-image-holder\">\n\t\t\t\t\t\t<img loading=\"lazy\" decoding=\"async\" width=\"3080\" height=\"1463\" src=\"https:\/\/bulbyourmind.com\/wp-content\/uploads\/2019\/06\/OSR6257-Pano.jpg\" class=\"attachment-full size-full\" alt=\"\" srcset=\"https:\/\/bulbyourmind.com\/wp-content\/uploads\/2019\/06\/OSR6257-Pano.jpg 3080w, https:\/\/bulbyourmind.com\/wp-content\/uploads\/2019\/06\/OSR6257-Pano-300x143.jpg 300w, https:\/\/bulbyourmind.com\/wp-content\/uploads\/2019\/06\/OSR6257-Pano-768x365.jpg 768w, https:\/\/bulbyourmind.com\/wp-content\/uploads\/2019\/06\/OSR6257-Pano-1920x912.jpg 1920w\" sizes=\"auto, (max-width: 3080px) 100vw, 3080px\" \/>\t\t\t\t\t<\/div>\n\t\t\t\t\t\t\t\t\t<\/a>\n\t\t\t\t\t\t\t<\/div>\n\t\t<\/div>\n\t\t\t<div class=\"edgtf-gallery-image edgtf-size-default\">\n\t\t\t<div class=\"edgtf-gallery-image-inner\">\n\t\t\t\t\t\t\t\t\t<a href=\"https:\/\/bulbyourmind.com\/wp-content\/uploads\/2019\/06\/OSR6227-Pano.jpg\" data-rel=\"prettyPhoto[single_pretty_photo]\" title=\"Aufstellungsraumpanoptikum\">\n\t\t\t\t\t\t\t\t\t<div class=\"edgtf-ig-image-holder\">\n\t\t\t\t\t\t<img loading=\"lazy\" decoding=\"async\" width=\"3500\" height=\"1615\" src=\"https:\/\/bulbyourmind.com\/wp-content\/uploads\/2019\/06\/OSR6227-Pano.jpg\" class=\"attachment-full size-full\" alt=\"\" srcset=\"https:\/\/bulbyourmind.com\/wp-content\/uploads\/2019\/06\/OSR6227-Pano.jpg 3500w, https:\/\/bulbyourmind.com\/wp-content\/uploads\/2019\/06\/OSR6227-Pano-300x138.jpg 300w, https:\/\/bulbyourmind.com\/wp-content\/uploads\/2019\/06\/OSR6227-Pano-768x354.jpg 768w, https:\/\/bulbyourmind.com\/wp-content\/uploads\/2019\/06\/OSR6227-Pano-1920x886.jpg 1920w\" sizes=\"auto, (max-width: 3500px) 100vw, 3500px\" \/>\t\t\t\t\t<\/div>\n\t\t\t\t\t\t\t\t\t<\/a>\n\t\t\t\t\t\t\t<\/div>\n\t\t<\/div>\n\t\t\t<div class=\"edgtf-gallery-image edgtf-size-default\">\n\t\t\t<div class=\"edgtf-gallery-image-inner\">\n\t\t\t\t\t\t\t\t\t<a href=\"https:\/\/bulbyourmind.com\/wp-content\/uploads\/2019\/06\/OSR6303.jpg\" data-rel=\"prettyPhoto[single_pretty_photo]\" title=\"Die Perspektive macht&#8217;s\">\n\t\t\t\t\t\t\t\t\t<div class=\"edgtf-ig-image-holder\">\n\t\t\t\t\t\t<img loading=\"lazy\" decoding=\"async\" width=\"3500\" height=\"2333\" src=\"https:\/\/bulbyourmind.com\/wp-content\/uploads\/2019\/06\/OSR6303.jpg\" class=\"attachment-full size-full\" alt=\"\" srcset=\"https:\/\/bulbyourmind.com\/wp-content\/uploads\/2019\/06\/OSR6303.jpg 3500w, https:\/\/bulbyourmind.com\/wp-content\/uploads\/2019\/06\/OSR6303-300x200.jpg 300w, https:\/\/bulbyourmind.com\/wp-content\/uploads\/2019\/06\/OSR6303-768x512.jpg 768w, https:\/\/bulbyourmind.com\/wp-content\/uploads\/2019\/06\/OSR6303-1620x1080.jpg 1620w\" sizes=\"auto, (max-width: 3500px) 100vw, 3500px\" \/>\t\t\t\t\t<\/div>\n\t\t\t\t\t\t\t\t\t<\/a>\n\t\t\t\t\t\t\t<\/div>\n\t\t<\/div>\n\t\t\t<div class=\"edgtf-gallery-image edgtf-size-default\">\n\t\t\t<div class=\"edgtf-gallery-image-inner\">\n\t\t\t\t\t\t\t\t\t<a href=\"https:\/\/bulbyourmind.com\/wp-content\/uploads\/2019\/06\/OSR6271.jpg\" data-rel=\"prettyPhoto[single_pretty_photo]\" title=\"Und darum wird es gehen&#8230;\">\n\t\t\t\t\t\t\t\t\t<div class=\"edgtf-ig-image-holder\">\n\t\t\t\t\t\t<img loading=\"lazy\" decoding=\"async\" width=\"2333\" height=\"3500\" src=\"https:\/\/bulbyourmind.com\/wp-content\/uploads\/2019\/06\/OSR6271.jpg\" class=\"attachment-full size-full\" alt=\"\" srcset=\"https:\/\/bulbyourmind.com\/wp-content\/uploads\/2019\/06\/OSR6271.jpg 2333w, https:\/\/bulbyourmind.com\/wp-content\/uploads\/2019\/06\/OSR6271-200x300.jpg 200w, https:\/\/bulbyourmind.com\/wp-content\/uploads\/2019\/06\/OSR6271-768x1152.jpg 768w, https:\/\/bulbyourmind.com\/wp-content\/uploads\/2019\/06\/OSR6271-720x1080.jpg 720w\" sizes=\"auto, (max-width: 2333px) 100vw, 2333px\" \/>\t\t\t\t\t<\/div>\n\t\t\t\t\t\t\t\t\t<\/a>\n\t\t\t\t\t\t\t<\/div>\n\t\t<\/div>\n\t\t\t<div class=\"edgtf-gallery-image edgtf-size-default\">\n\t\t\t<div class=\"edgtf-gallery-image-inner\">\n\t\t\t\t\t\t\t\t\t<a href=\"https:\/\/bulbyourmind.com\/wp-content\/uploads\/2019\/06\/OSR6266_zoomtrim.jpg\" data-rel=\"prettyPhoto[single_pretty_photo]\" title=\"Eine Herzensangelegenheit\">\n\t\t\t\t\t\t\t\t\t<div class=\"edgtf-ig-image-holder\">\n\t\t\t\t\t\t<img loading=\"lazy\" decoding=\"async\" width=\"2234\" height=\"1689\" src=\"https:\/\/bulbyourmind.com\/wp-content\/uploads\/2019\/06\/OSR6266_zoomtrim.jpg\" class=\"attachment-full size-full\" alt=\"\" srcset=\"https:\/\/bulbyourmind.com\/wp-content\/uploads\/2019\/06\/OSR6266_zoomtrim.jpg 2234w, https:\/\/bulbyourmind.com\/wp-content\/uploads\/2019\/06\/OSR6266_zoomtrim-300x227.jpg 300w, https:\/\/bulbyourmind.com\/wp-content\/uploads\/2019\/06\/OSR6266_zoomtrim-768x581.jpg 768w, https:\/\/bulbyourmind.com\/wp-content\/uploads\/2019\/06\/OSR6266_zoomtrim-1428x1080.jpg 1428w\" sizes=\"auto, (max-width: 2234px) 100vw, 2234px\" \/>\t\t\t\t\t<\/div>\n\t\t\t\t\t\t\t\t\t<\/a>\n\t\t\t\t\t\t\t<\/div>\n\t\t<\/div>\n\t\t\t<div class=\"edgtf-gallery-image edgtf-size-default\">\n\t\t\t<div class=\"edgtf-gallery-image-inner\">\n\t\t\t\t\t\t\t\t\t<a href=\"https:\/\/bulbyourmind.com\/wp-content\/uploads\/2019\/06\/OSR6260.jpg\" data-rel=\"prettyPhoto[single_pretty_photo]\" title=\"Sturm oder Flaute im Wasserglas?\">\n\t\t\t\t\t\t\t\t\t<div class=\"edgtf-ig-image-holder\">\n\t\t\t\t\t\t<img loading=\"lazy\" decoding=\"async\" width=\"2333\" height=\"3500\" src=\"https:\/\/bulbyourmind.com\/wp-content\/uploads\/2019\/06\/OSR6260.jpg\" class=\"attachment-full size-full\" alt=\"\" srcset=\"https:\/\/bulbyourmind.com\/wp-content\/uploads\/2019\/06\/OSR6260.jpg 2333w, https:\/\/bulbyourmind.com\/wp-content\/uploads\/2019\/06\/OSR6260-200x300.jpg 200w, https:\/\/bulbyourmind.com\/wp-content\/uploads\/2019\/06\/OSR6260-768x1152.jpg 768w, https:\/\/bulbyourmind.com\/wp-content\/uploads\/2019\/06\/OSR6260-720x1080.jpg 720w\" sizes=\"auto, (max-width: 2333px) 100vw, 2333px\" \/>\t\t\t\t\t<\/div>\n\t\t\t\t\t\t\t\t\t<\/a>\n\t\t\t\t\t\t\t<\/div>\n\t\t<\/div>\n\t\t\t<div class=\"edgtf-gallery-image edgtf-size-default\">\n\t\t\t<div class=\"edgtf-gallery-image-inner\">\n\t\t\t\t\t\t\t\t\t<a href=\"https:\/\/bulbyourmind.com\/wp-content\/uploads\/2019\/06\/OSR6264.jpg\" data-rel=\"prettyPhoto[single_pretty_photo]\" title=\"Das Ambiente: entspannte Offenheit!\">\n\t\t\t\t\t\t\t\t\t<div class=\"edgtf-ig-image-holder\">\n\t\t\t\t\t\t<img loading=\"lazy\" decoding=\"async\" width=\"2333\" height=\"3500\" src=\"https:\/\/bulbyourmind.com\/wp-content\/uploads\/2019\/06\/OSR6264.jpg\" class=\"attachment-full size-full\" alt=\"\" srcset=\"https:\/\/bulbyourmind.com\/wp-content\/uploads\/2019\/06\/OSR6264.jpg 2333w, https:\/\/bulbyourmind.com\/wp-content\/uploads\/2019\/06\/OSR6264-200x300.jpg 200w, https:\/\/bulbyourmind.com\/wp-content\/uploads\/2019\/06\/OSR6264-768x1152.jpg 768w, https:\/\/bulbyourmind.com\/wp-content\/uploads\/2019\/06\/OSR6264-720x1080.jpg 720w\" sizes=\"auto, (max-width: 2333px) 100vw, 2333px\" \/>\t\t\t\t\t<\/div>\n\t\t\t\t\t\t\t\t\t<\/a>\n\t\t\t\t\t\t\t<\/div>\n\t\t<\/div>\n\t<\/div>[\/vc_column][\/vc_row]<\/p>\n<\/div>","protected":false},"excerpt":{"rendered":"<p>[vc_row back_to_top_skin=&#8220;default&#8220;][vc_column][\/vc_column][\/vc_row]<\/p>\n","protected":false},"author":2,"featured_media":0,"parent":0,"menu_order":0,"comment_status":"closed","ping_status":"closed","template":"full-width.php","meta":{"footnotes":""},"class_list":["post-10078","page","type-page","status-publish","hentry"],"yoast_head":"<!-- This site is optimized with the Yoast SEO plugin v26.9 - https:\/\/yoast.com\/product\/yoast-seo-wordpress\/ -->\n<title>R\u00e4umliches - Bulb Your Mind in L\u00fcbeck<\/title>\n<meta name=\"description\" content=\"Neuer\u00f6ffnung! Wir freuen uns: Hier ein Blick auf die Bulb Your Mind R\u00e4umlichkeiten in L\u00fcbeck. Seit dem 1.6.2019 ist der Wintergarten in der J\u00fcrgen-Wullenwever-Str. 5 f\u00fcr Systemisches Coaching und Beratung ge\u00f6ffnet.\" \/>\n<meta name=\"robots\" content=\"index, follow, max-snippet:-1, max-image-preview:large, max-video-preview:-1\" \/>\n<link rel=\"canonical\" href=\"https:\/\/bulbyourmind.com\/locale\/\" \/>\n<meta property=\"og:locale\" content=\"de_DE\" \/>\n<meta property=\"og:type\" content=\"article\" \/>\n<meta property=\"og:title\" content=\"R\u00e4umliches - Bulb Your Mind in L\u00fcbeck\" \/>\n<meta property=\"og:description\" content=\"Neuer\u00f6ffnung! Wir freuen uns: Hier ein Blick auf die Bulb Your Mind R\u00e4umlichkeiten in L\u00fcbeck. Seit dem 1.6.2019 ist der Wintergarten in der J\u00fcrgen-Wullenwever-Str. 5 f\u00fcr Systemisches Coaching und Beratung ge\u00f6ffnet.\" \/>\n<meta property=\"og:url\" content=\"https:\/\/bulbyourmind.com\/locale\/\" \/>\n<meta property=\"og:site_name\" content=\"https:\/\/bulbyourmind.com\" \/>\n<meta property=\"article:publisher\" content=\"https:\/\/www.facebook.com\/bulbyourmind111\" \/>\n<meta property=\"article:modified_time\" content=\"2019-06-24T21:39:16+00:00\" \/>\n<meta name=\"twitter:card\" content=\"summary_large_image\" \/>\n<script type=\"application\/ld+json\" class=\"yoast-schema-graph\">{\"@context\":\"https:\/\/schema.org\",\"@graph\":[{\"@type\":\"WebPage\",\"@id\":\"https:\/\/bulbyourmind.com\/locale\/\",\"url\":\"https:\/\/bulbyourmind.com\/locale\/\",\"name\":\"R\u00e4umliches - Bulb Your Mind in L\u00fcbeck\",\"isPartOf\":{\"@id\":\"https:\/\/bulbyourmind.com\/#website\"},\"datePublished\":\"2019-06-23T23:29:02+00:00\",\"dateModified\":\"2019-06-24T21:39:16+00:00\",\"description\":\"Neuer\u00f6ffnung! Wir freuen uns: Hier ein Blick auf die Bulb Your Mind R\u00e4umlichkeiten in L\u00fcbeck. Seit dem 1.6.2019 ist der Wintergarten in der J\u00fcrgen-Wullenwever-Str. 5 f\u00fcr Systemisches Coaching und Beratung ge\u00f6ffnet.\",\"breadcrumb\":{\"@id\":\"https:\/\/bulbyourmind.com\/locale\/#breadcrumb\"},\"inLanguage\":\"de\",\"potentialAction\":[{\"@type\":\"ReadAction\",\"target\":[\"https:\/\/bulbyourmind.com\/locale\/\"]}]},{\"@type\":\"BreadcrumbList\",\"@id\":\"https:\/\/bulbyourmind.com\/locale\/#breadcrumb\",\"itemListElement\":[{\"@type\":\"ListItem\",\"position\":1,\"name\":\"Home\",\"item\":\"https:\/\/bulbyourmind.com\/\"},{\"@type\":\"ListItem\",\"position\":2,\"name\":\"Locale\"}]},{\"@type\":\"WebSite\",\"@id\":\"https:\/\/bulbyourmind.com\/#website\",\"url\":\"https:\/\/bulbyourmind.com\/\",\"name\":\"https:\/\/bulbyourmind.com\",\"description\":\"Bulbyourmind.com\",\"publisher\":{\"@id\":\"https:\/\/bulbyourmind.com\/#organization\"},\"potentialAction\":[{\"@type\":\"SearchAction\",\"target\":{\"@type\":\"EntryPoint\",\"urlTemplate\":\"https:\/\/bulbyourmind.com\/?s={search_term_string}\"},\"query-input\":{\"@type\":\"PropertyValueSpecification\",\"valueRequired\":true,\"valueName\":\"search_term_string\"}}],\"inLanguage\":\"de\"},{\"@type\":\"Organization\",\"@id\":\"https:\/\/bulbyourmind.com\/#organization\",\"name\":\"Bulbyourmind.com\",\"url\":\"https:\/\/bulbyourmind.com\/\",\"logo\":{\"@type\":\"ImageObject\",\"inLanguage\":\"de\",\"@id\":\"https:\/\/bulbyourmind.com\/#\/schema\/logo\/image\/\",\"url\":\"https:\/\/bulbyourmind.com\/wp-content\/uploads\/2017\/11\/Logo-Dark-Gold-s.png\",\"contentUrl\":\"https:\/\/bulbyourmind.com\/wp-content\/uploads\/2017\/11\/Logo-Dark-Gold-s.png\",\"width\":1000,\"height\":192,\"caption\":\"Bulbyourmind.com\"},\"image\":{\"@id\":\"https:\/\/bulbyourmind.com\/#\/schema\/logo\/image\/\"},\"sameAs\":[\"https:\/\/www.facebook.com\/bulbyourmind111\"]}]}<\/script>\n<!-- \/ Yoast SEO plugin. -->","yoast_head_json":{"title":"R\u00e4umliches - Bulb Your Mind in L\u00fcbeck","description":"Neuer\u00f6ffnung! Wir freuen uns: Hier ein Blick auf die Bulb Your Mind R\u00e4umlichkeiten in L\u00fcbeck. Seit dem 1.6.2019 ist der Wintergarten in der J\u00fcrgen-Wullenwever-Str. 5 f\u00fcr Systemisches Coaching und Beratung ge\u00f6ffnet.","robots":{"index":"index","follow":"follow","max-snippet":"max-snippet:-1","max-image-preview":"max-image-preview:large","max-video-preview":"max-video-preview:-1"},"canonical":"https:\/\/bulbyourmind.com\/locale\/","og_locale":"de_DE","og_type":"article","og_title":"R\u00e4umliches - Bulb Your Mind in L\u00fcbeck","og_description":"Neuer\u00f6ffnung! Wir freuen uns: Hier ein Blick auf die Bulb Your Mind R\u00e4umlichkeiten in L\u00fcbeck. Seit dem 1.6.2019 ist der Wintergarten in der J\u00fcrgen-Wullenwever-Str. 5 f\u00fcr Systemisches Coaching und Beratung ge\u00f6ffnet.","og_url":"https:\/\/bulbyourmind.com\/locale\/","og_site_name":"https:\/\/bulbyourmind.com","article_publisher":"https:\/\/www.facebook.com\/bulbyourmind111","article_modified_time":"2019-06-24T21:39:16+00:00","twitter_card":"summary_large_image","schema":{"@context":"https:\/\/schema.org","@graph":[{"@type":"WebPage","@id":"https:\/\/bulbyourmind.com\/locale\/","url":"https:\/\/bulbyourmind.com\/locale\/","name":"R\u00e4umliches - Bulb Your Mind in L\u00fcbeck","isPartOf":{"@id":"https:\/\/bulbyourmind.com\/#website"},"datePublished":"2019-06-23T23:29:02+00:00","dateModified":"2019-06-24T21:39:16+00:00","description":"Neuer\u00f6ffnung! Wir freuen uns: Hier ein Blick auf die Bulb Your Mind R\u00e4umlichkeiten in L\u00fcbeck. Seit dem 1.6.2019 ist der Wintergarten in der J\u00fcrgen-Wullenwever-Str. 5 f\u00fcr Systemisches Coaching und Beratung ge\u00f6ffnet.","breadcrumb":{"@id":"https:\/\/bulbyourmind.com\/locale\/#breadcrumb"},"inLanguage":"de","potentialAction":[{"@type":"ReadAction","target":["https:\/\/bulbyourmind.com\/locale\/"]}]},{"@type":"BreadcrumbList","@id":"https:\/\/bulbyourmind.com\/locale\/#breadcrumb","itemListElement":[{"@type":"ListItem","position":1,"name":"Home","item":"https:\/\/bulbyourmind.com\/"},{"@type":"ListItem","position":2,"name":"Locale"}]},{"@type":"WebSite","@id":"https:\/\/bulbyourmind.com\/#website","url":"https:\/\/bulbyourmind.com\/","name":"https:\/\/bulbyourmind.com","description":"Bulbyourmind.com","publisher":{"@id":"https:\/\/bulbyourmind.com\/#organization"},"potentialAction":[{"@type":"SearchAction","target":{"@type":"EntryPoint","urlTemplate":"https:\/\/bulbyourmind.com\/?s={search_term_string}"},"query-input":{"@type":"PropertyValueSpecification","valueRequired":true,"valueName":"search_term_string"}}],"inLanguage":"de"},{"@type":"Organization","@id":"https:\/\/bulbyourmind.com\/#organization","name":"Bulbyourmind.com","url":"https:\/\/bulbyourmind.com\/","logo":{"@type":"ImageObject","inLanguage":"de","@id":"https:\/\/bulbyourmind.com\/#\/schema\/logo\/image\/","url":"https:\/\/bulbyourmind.com\/wp-content\/uploads\/2017\/11\/Logo-Dark-Gold-s.png","contentUrl":"https:\/\/bulbyourmind.com\/wp-content\/uploads\/2017\/11\/Logo-Dark-Gold-s.png","width":1000,"height":192,"caption":"Bulbyourmind.com"},"image":{"@id":"https:\/\/bulbyourmind.com\/#\/schema\/logo\/image\/"},"sameAs":["https:\/\/www.facebook.com\/bulbyourmind111"]}]}},"_links":{"self":[{"href":"https:\/\/bulbyourmind.com\/de\/wp-json\/wp\/v2\/pages\/10078","targetHints":{"allow":["GET"]}}],"collection":[{"href":"https:\/\/bulbyourmind.com\/de\/wp-json\/wp\/v2\/pages"}],"about":[{"href":"https:\/\/bulbyourmind.com\/de\/wp-json\/wp\/v2\/types\/page"}],"author":[{"embeddable":true,"href":"https:\/\/bulbyourmind.com\/de\/wp-json\/wp\/v2\/users\/2"}],"replies":[{"embeddable":true,"href":"https:\/\/bulbyourmind.com\/de\/wp-json\/wp\/v2\/comments?post=10078"}],"version-history":[{"count":10,"href":"https:\/\/bulbyourmind.com\/de\/wp-json\/wp\/v2\/pages\/10078\/revisions"}],"predecessor-version":[{"id":10097,"href":"https:\/\/bulbyourmind.com\/de\/wp-json\/wp\/v2\/pages\/10078\/revisions\/10097"}],"wp:attachment":[{"href":"https:\/\/bulbyourmind.com\/de\/wp-json\/wp\/v2\/media?parent=10078"}],"curies":[{"name":"wp","href":"https:\/\/api.w.org\/{rel}","templated":true}]}}